{"id":8740,"date":"2021-06-07T08:45:13","date_gmt":"2021-06-07T07:45:13","guid":{"rendered":"http:\/\/kotrla.com\/pmpro\/?page_id=8740"},"modified":"2026-04-07T07:40:27","modified_gmt":"2026-04-07T06:40:27","slug":"ondrej-hlozek-mircevovy-oci-2021","status":"publish","type":"page","link":"https:\/\/kotrla.com\/pmpro\/klenov\/ondrej-hlozek-mircevovy-oci-2021\/","title":{"rendered":"Ond\u0159ej Hlo\u017eek: Mir\u010devovy o\u010di (2021)"},"content":{"rendered":"<p>ISBN 978-80-908127-0-3<\/p>\n<p>B\u00e1snick\u00e1 skladba Ond\u0159eje Hlo\u017eka doprov\u00e1zen\u00e1 ilustracemi Mat\u011bje Lipavsk\u00e9ho. Patn\u00e1ct voln\u00fdch list\u016f v ob\u00e1lce.<\/p>\n<p><a href=\"https:\/\/kotrla.com\/pmpro\/wp-content\/uploads\/2021\/06\/ondrej_hlozek_mircevovy_oci_obalka.jpg\"><img loading=\"lazy\" decoding=\"async\" class=\"alignnone size-full wp-image-8741\" src=\"https:\/\/kotrla.com\/pmpro\/wp-content\/uploads\/2021\/06\/ondrej_hlozek_mircevovy_oci_obalka.jpg\" alt=\"Ond\u0159ej Hlo\u017eek: Mir\u010devovy o\u010di (2021)\" width=\"1020\" height=\"1600\" srcset=\"https:\/\/kotrla.com\/pmpro\/wp-content\/uploads\/2021\/06\/ondrej_hlozek_mircevovy_oci_obalka.jpg 1020w, https:\/\/kotrla.com\/pmpro\/wp-content\/uploads\/2021\/06\/ondrej_hlozek_mircevovy_oci_obalka-191x300.jpg 191w, https:\/\/kotrla.com\/pmpro\/wp-content\/uploads\/2021\/06\/ondrej_hlozek_mircevovy_oci_obalka-653x1024.jpg 653w, https:\/\/kotrla.com\/pmpro\/wp-content\/uploads\/2021\/06\/ondrej_hlozek_mircevovy_oci_obalka-979x1536.jpg 979w\" sizes=\"auto, (max-width: 1020px) 100vw, 1020px\" \/><\/a><\/p>\n<p><strong>Ond\u0159ej Hlo\u017eek<\/strong> (17. b\u0159ezna 1986, Opava)<br \/>\nB\u00e1sn\u00edk, po\u0159adatel kulturn\u00edch akc\u00ed a liter\u00e1rn\u00ed kritik. Poch\u00e1z\u00ed z Opavy, kde vystudoval \u010deskou literaturu na Slezsk\u00e9 univerzit\u011b. Vydal \u0161est b\u00e1snick\u00fdch knih: T\u00ed\u017einy (2011), Dom\u016f (2013), Ulic\u00ed Dolorosa (2017), Te\u010f (2017), \u0158ez kamenem (2019), Trautes Heim (2020). V nakladatelstv\u00ed Klenov vydal krom\u011b b\u00e1snick\u00e9 sb\u00edrky Ulic\u00ed Dolorosa tak\u00e9 dv\u011b knihy pro d\u011bti: D\u011bde\u010dkova almara (2018) a Zlat\u00e9nka (2020).<\/p>\n<p><strong>Mat\u011bj Lipavsk\u00fd<\/strong> (12. kv\u011btna 1985, Praha)<br \/>\nMal\u00ed\u0159 a b\u00e1sn\u00edk. Vystudoval AVU v Praze (atelier prof. J. Sopka a I. Korpaczesk\u00e9ho a atelier prof. J. Zeithammla), je spoluautorem v\u00fdtvarn\u00e9 \u010d\u00e1sti komixov\u00e9 novely CHYBA (voln\u011b dle rom\u00e1nu Marka \u0160indelky). Vydal b\u00e1snickou sb\u00edrku Nika (2016). Je tak\u00e9 zastoupen v antologii Nejlep\u0161\u00ed \u010desk\u00e9 b\u00e1sn\u011b 2015. V\u011bnuje se ilustraci (V\u011bra Jirousov\u00e1: Tweety 1956\u20131963). S Ond\u0159ejem Hlo\u017ekem spolupracoval na\u00a0vizu\u00e1ln\u00ed podob\u011b dvou jeho sb\u00edrek.<\/p>\n<p><a href=\"https:\/\/kotrla.com\/pmpro\/wp-content\/uploads\/2021\/06\/ondrej_hlozek_mircevovy_oci_IMGP0928.jpg\"><img loading=\"lazy\" decoding=\"async\" class=\"alignnone size-full wp-image-8732\" src=\"https:\/\/kotrla.com\/pmpro\/wp-content\/uploads\/2021\/06\/ondrej_hlozek_mircevovy_oci_IMGP0928.jpg\" alt=\"Ond\u0159ej Hlo\u017eek - Mir\u010devovy o\u010di\" width=\"1600\" height=\"1064\" srcset=\"https:\/\/kotrla.com\/pmpro\/wp-content\/uploads\/2021\/06\/ondrej_hlozek_mircevovy_oci_IMGP0928.jpg 1600w, https:\/\/kotrla.com\/pmpro\/wp-content\/uploads\/2021\/06\/ondrej_hlozek_mircevovy_oci_IMGP0928-300x200.jpg 300w, https:\/\/kotrla.com\/pmpro\/wp-content\/uploads\/2021\/06\/ondrej_hlozek_mircevovy_oci_IMGP0928-1024x681.jpg 1024w, https:\/\/kotrla.com\/pmpro\/wp-content\/uploads\/2021\/06\/ondrej_hlozek_mircevovy_oci_IMGP0928-1536x1021.jpg 1536w\" sizes=\"auto, (max-width: 1600px) 100vw, 1600px\" \/><\/a><\/p>\n<p><a href=\"https:\/\/kotrla.com\/pmpro\/wp-content\/uploads\/2021\/06\/ondrej_hlozek_mircevovy_oci_IMGP0930.jpg\"><img loading=\"lazy\" decoding=\"async\" class=\"alignnone size-full wp-image-8733\" src=\"https:\/\/kotrla.com\/pmpro\/wp-content\/uploads\/2021\/06\/ondrej_hlozek_mircevovy_oci_IMGP0930.jpg\" alt=\"Ond\u0159ej Hlo\u017eek - Mir\u010devovy o\u010di\" width=\"1600\" height=\"1067\" srcset=\"https:\/\/kotrla.com\/pmpro\/wp-content\/uploads\/2021\/06\/ondrej_hlozek_mircevovy_oci_IMGP0930.jpg 1600w, https:\/\/kotrla.com\/pmpro\/wp-content\/uploads\/2021\/06\/ondrej_hlozek_mircevovy_oci_IMGP0930-300x200.jpg 300w, https:\/\/kotrla.com\/pmpro\/wp-content\/uploads\/2021\/06\/ondrej_hlozek_mircevovy_oci_IMGP0930-1024x683.jpg 1024w, https:\/\/kotrla.com\/pmpro\/wp-content\/uploads\/2021\/06\/ondrej_hlozek_mircevovy_oci_IMGP0930-1536x1024.jpg 1536w\" sizes=\"auto, (max-width: 1600px) 100vw, 1600px\" \/><\/a><\/p>\n<p><a href=\"https:\/\/kotrla.com\/pmpro\/wp-content\/uploads\/2021\/06\/ondrej_hlozek_mircevovy_oci_IMGP0931.jpg\"><img loading=\"lazy\" decoding=\"async\" class=\"alignnone size-full wp-image-8734\" src=\"https:\/\/kotrla.com\/pmpro\/wp-content\/uploads\/2021\/06\/ondrej_hlozek_mircevovy_oci_IMGP0931.jpg\" alt=\"Ond\u0159ej Hlo\u017eek - Mir\u010devovy o\u010di\" width=\"1600\" height=\"1067\" srcset=\"https:\/\/kotrla.com\/pmpro\/wp-content\/uploads\/2021\/06\/ondrej_hlozek_mircevovy_oci_IMGP0931.jpg 1600w, https:\/\/kotrla.com\/pmpro\/wp-content\/uploads\/2021\/06\/ondrej_hlozek_mircevovy_oci_IMGP0931-300x200.jpg 300w, https:\/\/kotrla.com\/pmpro\/wp-content\/uploads\/2021\/06\/ondrej_hlozek_mircevovy_oci_IMGP0931-1024x683.jpg 1024w, https:\/\/kotrla.com\/pmpro\/wp-content\/uploads\/2021\/06\/ondrej_hlozek_mircevovy_oci_IMGP0931-1536x1024.jpg 1536w\" sizes=\"auto, (max-width: 1600px) 100vw, 1600px\" \/><\/a><\/p>\n<p><a href=\"https:\/\/kotrla.com\/pmpro\/wp-content\/uploads\/2021\/06\/ondrej_hlozek_mircevovy_oci_IMGP0933.jpg\"><img loading=\"lazy\" decoding=\"async\" class=\"alignnone size-full wp-image-8735\" src=\"https:\/\/kotrla.com\/pmpro\/wp-content\/uploads\/2021\/06\/ondrej_hlozek_mircevovy_oci_IMGP0933.jpg\" alt=\"Ond\u0159ej Hlo\u017eek - Mir\u010devovy o\u010di\" width=\"1600\" height=\"1067\" srcset=\"https:\/\/kotrla.com\/pmpro\/wp-content\/uploads\/2021\/06\/ondrej_hlozek_mircevovy_oci_IMGP0933.jpg 1600w, https:\/\/kotrla.com\/pmpro\/wp-content\/uploads\/2021\/06\/ondrej_hlozek_mircevovy_oci_IMGP0933-300x200.jpg 300w, https:\/\/kotrla.com\/pmpro\/wp-content\/uploads\/2021\/06\/ondrej_hlozek_mircevovy_oci_IMGP0933-1024x683.jpg 1024w, https:\/\/kotrla.com\/pmpro\/wp-content\/uploads\/2021\/06\/ondrej_hlozek_mircevovy_oci_IMGP0933-1536x1024.jpg 1536w\" sizes=\"auto, (max-width: 1600px) 100vw, 1600px\" \/><\/a><\/p>\n<p><a href=\"https:\/\/kotrla.com\/pmpro\/wp-content\/uploads\/2021\/06\/ondrej_hlozek_mircevovy_oci_IMGP0937.jpg\"><img loading=\"lazy\" decoding=\"async\" class=\"alignnone size-full wp-image-8736\" src=\"https:\/\/kotrla.com\/pmpro\/wp-content\/uploads\/2021\/06\/ondrej_hlozek_mircevovy_oci_IMGP0937.jpg\" alt=\"Ond\u0159ej Hlo\u017eek - Mir\u010devovy o\u010di\" width=\"1600\" height=\"1064\" srcset=\"https:\/\/kotrla.com\/pmpro\/wp-content\/uploads\/2021\/06\/ondrej_hlozek_mircevovy_oci_IMGP0937.jpg 1600w, https:\/\/kotrla.com\/pmpro\/wp-content\/uploads\/2021\/06\/ondrej_hlozek_mircevovy_oci_IMGP0937-300x200.jpg 300w, https:\/\/kotrla.com\/pmpro\/wp-content\/uploads\/2021\/06\/ondrej_hlozek_mircevovy_oci_IMGP0937-1024x681.jpg 1024w, https:\/\/kotrla.com\/pmpro\/wp-content\/uploads\/2021\/06\/ondrej_hlozek_mircevovy_oci_IMGP0937-1536x1021.jpg 1536w\" sizes=\"auto, (max-width: 1600px) 100vw, 1600px\" \/><\/a><\/p>\n<p><strong>Ond\u0159ej Hlo\u017eek \/ Mir\u010devovy o\u010di<\/strong><\/p>\n<p>Ilustrace Mat\u011bj Lipavsk\u00fd<br \/>\nOdpov\u011bdn\u00fd redaktor Martin Luk\u00e1\u0161<br \/>\nP\u00edsmy Asap a League Gothic vys\u00e1zel a graficky upravil Pavel Kotrla<br \/>\nVydalo nakladatelstv\u00ed Pavel Kotrla \u2013 Klenov, Byst\u0159i\u010dka,<br \/>\nroku 2021 jako svou 11. publikaci<br \/>\nTisk Grafia Nova s.\u2009r.\u2009o., Za\u0161ov\u00e1<br \/>\nVyd\u00e1n\u00ed prvn\u00ed<br \/>\n30 stran<\/p>\n<p>ISBN 978-80-908127-0-3<\/p>\n","protected":false},"excerpt":{"rendered":"<p>ISBN 978-80-908127-0-3 B\u00e1snick\u00e1 skladba Ond\u0159eje Hlo\u017eka doprov\u00e1zen\u00e1 ilustracemi Mat\u011bje Lipavsk\u00e9ho. Patn\u00e1ct voln\u00fdch list\u016f v ob\u00e1lce. Ond\u0159ej Hlo\u017eek (17. b\u0159ezna 1986, Opava) B\u00e1sn\u00edk, po\u0159adatel kulturn\u00edch akc\u00ed a liter\u00e1rn\u00ed kritik. Poch\u00e1z\u00ed z Opavy, kde vystudoval \u010deskou literaturu na Slezsk\u00e9 univerzit\u011b. Vydal \u0161est b\u00e1snick\u00fdch knih: T\u00ed\u017einy (2011), Dom\u016f (2013), Ulic\u00ed Dolorosa (2017), Te\u010f (2017), \u0158ez kamenem (2019), Trautes [&hellip;]<\/p>\n","protected":false},"author":1,"featured_media":0,"parent":3997,"menu_order":0,"comment_status":"closed","ping_status":"closed","template":"","meta":{"site-sidebar-layout":"default","site-content-layout":"","ast-site-content-layout":"default","site-content-style":"default","site-sidebar-style":"default","ast-global-header-display":"","ast-banner-title-visibility":"","ast-main-header-display":"","ast-hfb-above-header-display":"","ast-hfb-below-header-display":"","ast-hfb-mobile-header-display":"","site-post-title":"","ast-breadcrumbs-content":"","ast-featured-img":"","footer-sml-layout":"","ast-disable-related-posts":"","theme-transparent-header-meta":"default","adv-header-id-meta":"","stick-header-meta":"","header-above-stick-meta":"","header-main-stick-meta":"","header-below-stick-meta":"","astra-migrate-meta-layouts":"set","ast-page-background-enabled":"default","ast-page-background-meta":{"desktop":{"background-color":"var(--ast-global-color-5)","background-image":"","background-repeat":"repeat","background-position":"center center","background-size":"auto","background-attachment":"scroll","background-type":"","background-media":"","overlay-type":"","overlay-color":"","overlay-opacity":"","overlay-gradient":""},"tablet":{"background-color":"","background-image":"","background-repeat":"repeat","background-position":"center center","background-size":"auto","background-attachment":"scroll","background-type":"","background-media":"","overlay-type":"","overlay-color":"","overlay-opacity":"","overlay-gradient":""},"mobile":{"background-color":"","background-image":"","background-repeat":"repeat","background-position":"center center","background-size":"auto","background-attachment":"scroll","background-type":"","background-media":"","overlay-type":"","overlay-color":"","overlay-opacity":"","overlay-gradient":""}},"ast-content-background-meta":{"desktop":{"background-color":"var(--ast-global-color-4)","background-image":"","background-repeat":"repeat","background-position":"center center","background-size":"auto","background-attachment":"scroll","background-type":"","background-media":"","overlay-type":"","overlay-color":"","overlay-opacity":"","overlay-gradient":""},"tablet":{"background-color":"var(--ast-global-color-4)","background-image":"","background-repeat":"repeat","background-position":"center center","background-size":"auto","background-attachment":"scroll","background-type":"","background-media":"","overlay-type":"","overlay-color":"","overlay-opacity":"","overlay-gradient":""},"mobile":{"background-color":"var(--ast-global-color-4)","background-image":"","background-repeat":"repeat","background-position":"center center","background-size":"auto","background-attachment":"scroll","background-type":"","background-media":"","overlay-type":"","overlay-color":"","overlay-opacity":"","overlay-gradient":""}},"jetpack_post_was_ever_published":false,"footnotes":""},"class_list":["post-8740","page","type-page","status-publish","hentry"],"jetpack_shortlink":"https:\/\/wp.me\/P4mLP7-2gY","jetpack-related-posts":[{"id":6738,"url":"https:\/\/kotrla.com\/pmpro\/klenov\/ondrej-hlozek-zlatenka-2020\/","url_meta":{"origin":8740,"position":0},"title":"Ond\u0159ej Hlo\u017eek: Zlat\u00e9nka (2020)","author":"Pavel Kotrla","date":"14.8.2020","format":false,"excerpt":"ISBN 978-80-905649-8-5 Ond\u0159ej Hlo\u017eek (* 1986) je b\u00e1sn\u00edk, liter\u00e1rn\u00ed kritik, po\u0159adatel kulturn\u00edch akc\u00ed. Poch\u00e1z\u00ed z Opavy, kde vystudoval \u010deskou literaturu na Slezsk\u00e9 univerzit\u011b. Vydal p\u011bt b\u00e1snick\u00fdch knih: T\u00ed\u017einy (2011), Dom\u016f (2013), Ulic\u00ed Dolorosa (2017), Te\u010f (2017), \u0158ez kamenem (2019). Jeho texty byly p\u0159elo\u017eeny a publikov\u00e1ny do n\u011bkolika evropsk\u00fdch jazyk\u016f. Je\u2026","rel":"","context":"Podobn\u00fd p\u0159\u00edsp\u011bvek","block_context":{"text":"Podobn\u00fd p\u0159\u00edsp\u011bvek","link":""},"img":{"alt_text":"Ond\u0159ej Hlo\u017eek: Zlat\u00e9nka","src":"https:\/\/i0.wp.com\/kotrla.com\/pmpro\/wp-content\/uploads\/2020\/08\/obalka_hlozek_zlatenka_obalka.jpg?resize=350%2C200&ssl=1","width":350,"height":200,"srcset":"https:\/\/i0.wp.com\/kotrla.com\/pmpro\/wp-content\/uploads\/2020\/08\/obalka_hlozek_zlatenka_obalka.jpg?resize=350%2C200&ssl=1 1x, https:\/\/i0.wp.com\/kotrla.com\/pmpro\/wp-content\/uploads\/2020\/08\/obalka_hlozek_zlatenka_obalka.jpg?resize=525%2C300&ssl=1 1.5x, https:\/\/i0.wp.com\/kotrla.com\/pmpro\/wp-content\/uploads\/2020\/08\/obalka_hlozek_zlatenka_obalka.jpg?resize=700%2C400&ssl=1 2x, https:\/\/i0.wp.com\/kotrla.com\/pmpro\/wp-content\/uploads\/2020\/08\/obalka_hlozek_zlatenka_obalka.jpg?resize=1050%2C600&ssl=1 3x"},"classes":[]},{"id":9562,"url":"https:\/\/kotrla.com\/pmpro\/klenov\/ondrej-hlozek-slezsky-nonstop-2022\/","url_meta":{"origin":8740,"position":1},"title":"Ond\u0159ej Hlo\u017eek: Slezsk\u00fd nonstop (2022)","author":"Pavel Kotrla","date":"16.5.2022","format":false,"excerpt":"ISBN: 978-80-908127-4-1 MASARYKOVA T\u0158\u00cdDA 334\/20 J\u00edcen chodby rozdrolen\u00fd jako kus j\u00edlu V d\u00ed\u0159e po hasi\u010d\u00e1ku se ka\u017ed\u00fd den zelen\u00e1 um\u011bl\u00fd filodendron V teracov\u00e9m schodu zatlu\u010den\u00fd h\u0159eb\u00edk Roky n\u011bm\u00e9 st\u011bny roz\u0161t\u011bkal pes Naho\u0159e tu\u0161en\u00ed nebe ot\u0159\u00edskan\u00fdm sv\u011btl\u00edkem hrne se de\u0161\u0165ov\u00e1 voda Senzory cvakaj\u00ed a nachyt\u00e1vaj\u00ed n\u00e1s p\u0159i pohybu Nikdo nezamet\u00e1 \u00a0\u2026","rel":"","context":"Podobn\u00fd p\u0159\u00edsp\u011bvek","block_context":{"text":"Podobn\u00fd p\u0159\u00edsp\u011bvek","link":""},"img":{"alt_text":"Ond\u0159ej Hlo\u017eek (foto Al\u017eb\u011bta Lu\u0148\u00e1\u010dkov\u00e1)","src":"https:\/\/i0.wp.com\/kotrla.com\/pmpro\/wp-content\/uploads\/2022\/04\/oh.jpg?resize=350%2C200&ssl=1","width":350,"height":200,"srcset":"https:\/\/i0.wp.com\/kotrla.com\/pmpro\/wp-content\/uploads\/2022\/04\/oh.jpg?resize=350%2C200&ssl=1 1x, https:\/\/i0.wp.com\/kotrla.com\/pmpro\/wp-content\/uploads\/2022\/04\/oh.jpg?resize=525%2C300&ssl=1 1.5x, https:\/\/i0.wp.com\/kotrla.com\/pmpro\/wp-content\/uploads\/2022\/04\/oh.jpg?resize=700%2C400&ssl=1 2x, https:\/\/i0.wp.com\/kotrla.com\/pmpro\/wp-content\/uploads\/2022\/04\/oh.jpg?resize=1050%2C600&ssl=1 3x"},"classes":[]},{"id":13376,"url":"https:\/\/kotrla.com\/pmpro\/klenov\/ondrej-hlozek-hedvika-2025\/","url_meta":{"origin":8740,"position":2},"title":"Ond\u0159ej Hlo\u017eek: Hedvika (2025)","author":"Pavel Kotrla","date":"9.11.2025","format":false,"excerpt":"ISBN 978-80-909228-7-7 Doporu\u010den\u00e1 cena knihy je 250 K\u010d. Kniha nen\u00ed v b\u011b\u017en\u00e9 distribu\u010dn\u00ed s\u00edti, lze si ji v\u0161ak\u00a0OBJEDNAT zde nebo u autora. B\u00e1snick\u00fd soubor Hedvika Ond\u0159eje Hlo\u017eka je nitern\u00fdm putov\u00e1n\u00edm slezskou krajinou, v n\u00ed\u017e se prol\u00edn\u00e1 duchovn\u00ed obraz svat\u00e9 Hedviky, kter\u00e1 stoj\u00ed bos\u00e1 nad opevn\u011bn\u00fdm m\u011bstem, s osobn\u00ed zku\u0161enost\u00ed, tichou\u2026","rel":"","context":"Podobn\u00fd p\u0159\u00edsp\u011bvek","block_context":{"text":"Podobn\u00fd p\u0159\u00edsp\u011bvek","link":""},"img":{"alt_text":"","src":"https:\/\/i0.wp.com\/kotrla.com\/pmpro\/wp-content\/uploads\/2025\/11\/hedvika_04-150x150.jpg?resize=350%2C200&ssl=1","width":350,"height":200,"srcset":"https:\/\/i0.wp.com\/kotrla.com\/pmpro\/wp-content\/uploads\/2025\/11\/hedvika_04-150x150.jpg?resize=350%2C200&ssl=1 1x, https:\/\/i0.wp.com\/kotrla.com\/pmpro\/wp-content\/uploads\/2025\/11\/hedvika_04-150x150.jpg?resize=525%2C300&ssl=1 1.5x, https:\/\/i0.wp.com\/kotrla.com\/pmpro\/wp-content\/uploads\/2025\/11\/hedvika_04-150x150.jpg?resize=700%2C400&ssl=1 2x, https:\/\/i0.wp.com\/kotrla.com\/pmpro\/wp-content\/uploads\/2025\/11\/hedvika_04-150x150.jpg?resize=1050%2C600&ssl=1 3x"},"classes":[]},{"id":3997,"url":"https:\/\/kotrla.com\/pmpro\/klenov\/","url_meta":{"origin":8740,"position":3},"title":"Nakladatelstv\u00ed Klenov","author":"Pavel Kotrla","date":"1.12.2018","format":false,"excerpt":"Klenov \u2013 jednomu\u017en\u00e9 nakladatelstv\u00ed Pavla Kotrly. Knihy jsou v distribuci Kosmas a Pemic, m\u016f\u017eete zakoupit nap\u0159\u00edklad v s\u00edti prodejen\u00a0Martinus,\u00a0Dobrovsk\u00fd nebo jin\u00fdch.\u00a0Bibliofilie Synonymum krajina, Pot\u00ed\u017ee se \u017eenami, Hedvika a Jak Urzon obelstil Kojota nejsou v b\u011b\u017en\u00e9 distribuci, pro objedn\u00e1vku pou\u017eijte pros\u00edm tento formul\u00e1\u0159. Ten m\u016f\u017eete vyu\u017e\u00edt i pro objedn\u00e1vku dal\u0161\u00edch knih\u2026","rel":"","context":"Podobn\u00fd p\u0159\u00edsp\u011bvek","block_context":{"text":"Podobn\u00fd p\u0159\u00edsp\u011bvek","link":""},"img":{"alt_text":"","src":"https:\/\/i0.wp.com\/kotrla.com\/pmpro\/wp-content\/uploads\/2023\/03\/nakladatelstvi_klenov_logo_bw_small.png?resize=350%2C200&ssl=1","width":350,"height":200},"classes":[]},{"id":9151,"url":"https:\/\/kotrla.com\/pmpro\/klenov\/jakub-chrobak-v-krvavinach-2021\/","url_meta":{"origin":8740,"position":4},"title":"Jakub Chrob\u00e1k: V krvavin\u00e1ch (2021)","author":"Pavel Kotrla","date":"12.11.2021","format":false,"excerpt":"ISBN 9978-80-908127-2-7 P\u00e1t\u00e1 b\u00e1snick\u00e1 sb\u00edrka Jakuba Chrob\u00e1ka je v mnoh\u00e9m bilan\u010dn\u00ed: na jedn\u00e9 stran\u011b, zejm\u00e9na v \u00favodn\u00ed \u010d\u00e1sti, reflektuje to, co pro autora poezie a jej\u00ed psan\u00ed znamen\u00e1, na stran\u011b druh\u00e9 je i geografick\u00fdm kotven\u00edm. Od Ostravy a jej\u00edho \u0161rumu, p\u0159es cesty a azyly zejm\u00e9na v prost\u0159ed\u00ed st\u00e1le nehostinn\u011bj\u0161\u00edch hospod,\u2026","rel":"","context":"Podobn\u00fd p\u0159\u00edsp\u011bvek","block_context":{"text":"Podobn\u00fd p\u0159\u00edsp\u011bvek","link":""},"img":{"alt_text":"Jakub Chrob\u00e1k: V krvavin\u00e1ch (2021)","src":"https:\/\/i0.wp.com\/kotrla.com\/pmpro\/wp-content\/uploads\/2021\/11\/jakub_chrobak_v_krvavinach.jpg?resize=350%2C200&ssl=1","width":350,"height":200,"srcset":"https:\/\/i0.wp.com\/kotrla.com\/pmpro\/wp-content\/uploads\/2021\/11\/jakub_chrobak_v_krvavinach.jpg?resize=350%2C200&ssl=1 1x, https:\/\/i0.wp.com\/kotrla.com\/pmpro\/wp-content\/uploads\/2021\/11\/jakub_chrobak_v_krvavinach.jpg?resize=525%2C300&ssl=1 1.5x, https:\/\/i0.wp.com\/kotrla.com\/pmpro\/wp-content\/uploads\/2021\/11\/jakub_chrobak_v_krvavinach.jpg?resize=700%2C400&ssl=1 2x"},"classes":[]},{"id":2843,"url":"https:\/\/kotrla.com\/pmpro\/autor\/","url_meta":{"origin":8740,"position":5},"title":"Autor","author":"Pavel Kotrla","date":"3.9.2016","format":false,"excerpt":"Kdopak to tu m\u00e1 na sv\u011bdom\u00ed? Pavel Kotrla Narodil jsem se 5. 5. 1974 ve Vset\u00edn\u011b. V letech 1992-1997 jsem vystudoval na Filozofick\u00e9 fakult\u011b Ostravsk\u00e9 univerzity liter\u00e1rn\u00ed v\u011bdu a \u010de\u0161tinu. Od roku 1996 jsem \u0161\u00e9fredaktorem liter\u00e1rn\u00edho \u010dtvrtletn\u00edku Texty, kter\u00fd jsme v roce 1996 zalo\u017eili s Ji\u0159\u00edm Hrabalem, Jakubem Chrob\u00e1kem, Ren\u00e9\u2026","rel":"","context":"Podobn\u00fd p\u0159\u00edsp\u011bvek","block_context":{"text":"Podobn\u00fd p\u0159\u00edsp\u011bvek","link":""},"img":{"alt_text":"Pavel Kotrla","src":"https:\/\/i0.wp.com\/kotrla.com\/pmpro\/wp-content\/uploads\/2022\/06\/pavel_kotrla_IMGP0259.jpg?resize=350%2C200&ssl=1","width":350,"height":200,"srcset":"https:\/\/i0.wp.com\/kotrla.com\/pmpro\/wp-content\/uploads\/2022\/06\/pavel_kotrla_IMGP0259.jpg?resize=350%2C200&ssl=1 1x, https:\/\/i0.wp.com\/kotrla.com\/pmpro\/wp-content\/uploads\/2022\/06\/pavel_kotrla_IMGP0259.jpg?resize=525%2C300&ssl=1 1.5x, https:\/\/i0.wp.com\/kotrla.com\/pmpro\/wp-content\/uploads\/2022\/06\/pavel_kotrla_IMGP0259.jpg?resize=700%2C400&ssl=1 2x, https:\/\/i0.wp.com\/kotrla.com\/pmpro\/wp-content\/uploads\/2022\/06\/pavel_kotrla_IMGP0259.jpg?resize=1050%2C600&ssl=1 3x, https:\/\/i0.wp.com\/kotrla.com\/pmpro\/wp-content\/uploads\/2022\/06\/pavel_kotrla_IMGP0259.jpg?resize=1400%2C800&ssl=1 4x"},"classes":[]}],"jetpack_sharing_enabled":true,"_links":{"self":[{"href":"https:\/\/kotrla.com\/pmpro\/wp-json\/wp\/v2\/pages\/8740","targetHints":{"allow":["GET"]}}],"collection":[{"href":"https:\/\/kotrla.com\/pmpro\/wp-json\/wp\/v2\/pages"}],"about":[{"href":"https:\/\/kotrla.com\/pmpro\/wp-json\/wp\/v2\/types\/page"}],"author":[{"embeddable":true,"href":"https:\/\/kotrla.com\/pmpro\/wp-json\/wp\/v2\/users\/1"}],"replies":[{"embeddable":true,"href":"https:\/\/kotrla.com\/pmpro\/wp-json\/wp\/v2\/comments?post=8740"}],"version-history":[{"count":1,"href":"https:\/\/kotrla.com\/pmpro\/wp-json\/wp\/v2\/pages\/8740\/revisions"}],"predecessor-version":[{"id":14235,"href":"https:\/\/kotrla.com\/pmpro\/wp-json\/wp\/v2\/pages\/8740\/revisions\/14235"}],"up":[{"embeddable":true,"href":"https:\/\/kotrla.com\/pmpro\/wp-json\/wp\/v2\/pages\/3997"}],"wp:attachment":[{"href":"https:\/\/kotrla.com\/pmpro\/wp-json\/wp\/v2\/media?parent=8740"}],"curies":[{"name":"wp","href":"https:\/\/api.w.org\/{rel}","templated":true}]}}